{"id":21,"date":"2020-12-02T22:52:44","date_gmt":"2020-12-02T21:52:44","guid":{"rendered":"http:\/\/cote-jardins-solidaires.fr\/jardinwp\/?page_id=21"},"modified":"2025-01-30T16:18:29","modified_gmt":"2025-01-30T15:18:29","slug":"jardin","status":"publish","type":"page","link":"https:\/\/cote-jardins-solidaires.fr\/index.php\/jardin\/","title":{"rendered":"Jardin"},"content":{"rendered":"\n<p><strong><strong>En plus d\u2019accueillir des b\u00e9n\u00e9ficiaires du RSA quotidiennement, le jardin accueille de nombreuses activit\u00e9s compl\u00e9mentaires<\/strong><\/strong><\/p>\n\n\n\n<figure class=\"wp-block-gallery has-nested-images columns-default is-cropped wp-block-gallery-1 is-layout-flex wp-block-gallery-is-layout-flex\">\n<figure class=\"wp-block-image size-large\"><img loading=\"lazy\" decoding=\"async\" width=\"902\" height=\"600\" data-id=\"100\" src=\"https:\/\/cote-jardins-solidaires.fr\/wp-content\/uploads\/2020\/12\/jardinfleur-1.jpg\" alt=\"\" class=\"wp-image-100\" srcset=\"https:\/\/cote-jardins-solidaires.fr\/wp-content\/uploads\/2020\/12\/jardinfleur-1.jpg 902w, https:\/\/cote-jardins-solidaires.fr\/wp-content\/uploads\/2020\/12\/jardinfleur-1-300x200.jpg 300w, https:\/\/cote-jardins-solidaires.fr\/wp-content\/uploads\/2020\/12\/jardinfleur-1-768x511.jpg 768w\" sizes=\"(max-width: 902px) 100vw, 902px\" \/><\/figure>\n\n\n\n<figure class=\"wp-block-image size-large\"><img loading=\"lazy\" decoding=\"async\" width=\"300\" height=\"451\" data-id=\"101\" src=\"https:\/\/cote-jardins-solidaires.fr\/wp-content\/uploads\/2020\/12\/josephine.jpg\" alt=\"\" class=\"wp-image-101\" srcset=\"https:\/\/cote-jardins-solidaires.fr\/wp-content\/uploads\/2020\/12\/josephine.jpg 300w, https:\/\/cote-jardins-solidaires.fr\/wp-content\/uploads\/2020\/12\/josephine-200x300.jpg 200w\" sizes=\"(max-width: 300px) 100vw, 300px\" \/><\/figure>\n\n\n\n<figure class=\"wp-block-image size-large\"><img loading=\"lazy\" decoding=\"async\" width=\"902\" height=\"600\" data-id=\"102\" src=\"https:\/\/cote-jardins-solidaires.fr\/wp-content\/uploads\/2020\/12\/multiculture2.jpg\" alt=\"\" class=\"wp-image-102\" srcset=\"https:\/\/cote-jardins-solidaires.fr\/wp-content\/uploads\/2020\/12\/multiculture2.jpg 902w, https:\/\/cote-jardins-solidaires.fr\/wp-content\/uploads\/2020\/12\/multiculture2-300x200.jpg 300w, https:\/\/cote-jardins-solidaires.fr\/wp-content\/uploads\/2020\/12\/multiculture2-768x511.jpg 768w\" sizes=\"(max-width: 902px) 100vw, 902px\" \/><\/figure>\n<figcaption class=\"blocks-gallery-caption wp-element-caption\"><br><\/figcaption><\/figure>\n\n\n\n<p><strong>ECOLES<\/strong><\/p>\n\n\n\n<p>Chaque ann\u00e9e, l\u2019association travaille avec des \u00e9coles n\u00eemoises.&nbsp;<\/p>\n\n\n\n<p>Des classes viennent visiter le jardin, accompagn\u00e9es de l\u2019\u00e9quipe enseignante. Elles mettent en place avec l\u2019animateur de l\u2019association des ateliers de jardinage, cr\u00e9atifs et p\u00e9dagogiques autour de la nature et du jardin : visite sensorielle, plantation, d\u00e9couverte du cycle de croissance des l\u00e9gumes, pr\u00e9senter les diff\u00e9rentes plantes existantes et leur utilisation&#8230;&nbsp;<\/p>\n\n\n\n<p>Certains enseignants sollicitent aussi l\u2019association pour la cr\u00e9ation d\u2019un potager dans l\u2019\u00e9cole&nbsp;: ateliers jardinage&nbsp;d\u00e9couverte de la biodiversit\u00e9, du cycle de vie des plantes et de l&rsquo;importance des insectes dans notre environnement.&nbsp;<\/p>\n\n\n\n<p><strong>VISITES DU JARDIN&nbsp;<\/strong><\/p>\n\n\n\n<p>Des associations Quartiers Politique de la Ville viennent d\u00e9couvrir le jardin, le r\u00f4le des plantes et insectes dans l\u2019\u00e9cosyst\u00e8me, et apprendre les diff\u00e9rentes \u00e9tapes de la cr\u00e9ation et de l\u2019entretien d\u2019un potager bio.<\/p>\n\n\n\n<p><strong>ANIMATIONS ENVIRONNEMENT<\/strong><\/p>\n\n\n\n<p>COTE JARDINS SOLIDAIRES propose des animations grand public pour sensibiliser \u00e0 la biodiversit\u00e9 et au respect de l\u2019environnement. Certaines animations ont lieu au sein de son jardin, d\u2019autres dans des manifestations gardoises.<\/p>\n\n\n\n<p>L\u2019association est adh\u00e9rente \u00e0 la CPIE Gard et participe \u00e0 des journ\u00e9es \u00ab&nbsp;biodiversit\u00e9&nbsp;\u00bb avec un stand \u00e9ducatif o\u00f9 le public peut venir d\u00e9couvrir ses expositions, ses jeux et b\u00e9n\u00e9ficier des conseils de l\u2019\u00e9quipe.<\/p>\n\n\n\n<p><\/p>\n\n\n\n<p>POUR PLUS D&rsquo;INFORMATIONS<\/p>\n\n\n\n<p>VOIR LA PAGE <a href=\"https:\/\/sites.google.com\/view\/act-cote-jardins-solidaires\" data-type=\"link\" data-id=\"https:\/\/sites.google.com\/view\/act-cote-jardins-solidaires\">\u00ab\u00a0Activit\u00e9s et D\u00e9couvertes P\u00e9dagogiques\u00a0\u00bb<\/a><\/p>\n\n\n\n<p><\/p>\n","protected":false},"excerpt":{"rendered":"<p>En plus d\u2019accueillir des b\u00e9n\u00e9ficiaires du RSA quotidiennement, le jardin accueille de nombreuses activit\u00e9s compl\u00e9mentaires ECOLES Chaque ann\u00e9e, l\u2019association travaille avec des \u00e9coles n\u00eemoises.&nbsp; Des classes viennent visiter le jardin, accompagn\u00e9es de l\u2019\u00e9quipe enseignante. Elles mettent en place avec l\u2019animateur de l\u2019association des ateliers de jardinage, cr\u00e9atifs et p\u00e9dagogiques autour de la nature et du<\/p>\n<p><a href=\"https:\/\/cote-jardins-solidaires.fr\/index.php\/jardin\/\" class=\"more-link\">Lire la suite<\/a><\/p>\n","protected":false},"author":1,"featured_media":0,"parent":0,"menu_order":0,"comment_status":"closed","ping_status":"closed","template":"","meta":{"spay_email":"","footnotes":""},"class_list":["post-21","page","type-page","status-publish","hentry"],"_links":{"self":[{"href":"https:\/\/cote-jardins-solidaires.fr\/index.php\/wp-json\/wp\/v2\/pages\/21"}],"collection":[{"href":"https:\/\/cote-jardins-solidaires.fr\/index.php\/wp-json\/wp\/v2\/pages"}],"about":[{"href":"https:\/\/cote-jardins-solidaires.fr\/index.php\/wp-json\/wp\/v2\/types\/page"}],"author":[{"embeddable":true,"href":"https:\/\/cote-jardins-solidaires.fr\/index.php\/wp-json\/wp\/v2\/users\/1"}],"replies":[{"embeddable":true,"href":"https:\/\/cote-jardins-solidaires.fr\/index.php\/wp-json\/wp\/v2\/comments?post=21"}],"version-history":[{"count":6,"href":"https:\/\/cote-jardins-solidaires.fr\/index.php\/wp-json\/wp\/v2\/pages\/21\/revisions"}],"predecessor-version":[{"id":306,"href":"https:\/\/cote-jardins-solidaires.fr\/index.php\/wp-json\/wp\/v2\/pages\/21\/revisions\/306"}],"wp:attachment":[{"href":"https:\/\/cote-jardins-solidaires.fr\/index.php\/wp-json\/wp\/v2\/media?parent=21"}],"curies":[{"name":"wp","href":"https:\/\/api.w.org\/{rel}","templated":true}]}}