{"id":19,"date":"2020-12-02T22:52:44","date_gmt":"2020-12-02T21:52:44","guid":{"rendered":"http:\/\/cote-jardins-solidaires.fr\/jardinwp\/?page_id=19"},"modified":"2025-01-30T15:46:01","modified_gmt":"2025-01-30T14:46:01","slug":"ateliers","status":"publish","type":"page","link":"https:\/\/cote-jardins-solidaires.fr\/index.php\/ateliers\/","title":{"rendered":"Ateliers et actions p\u00e9dagogiques"},"content":{"rendered":"\n<p>L\u2019association propose des animations et ateliers toute l\u2019ann\u00e9e pour cr\u00e9er du lien social et favoriser le vivre ensemble, mais aussi pour sensibiliser \u00e0 l\u2019environnement, \u00e0 l\u2019alimentation saine et durable, \u00e0 l\u2019agro \u00e9cologie et \u00e0 la citoyennet\u00e9.<\/p>\n\n\n\n<p><br><br><strong>Ateliers, animations et d\u00e9couvertes uniquement sur r\u00e9servation&nbsp;au<\/strong> 04.66.84.51.99, au 06.64.63.77.71, ou&nbsp;cotejardinsolidaire@samuelvincent.fr <br><br><\/p>\n\n\n\n<figure class=\"wp-block-image size-large\"><img loading=\"lazy\" decoding=\"async\" width=\"432\" height=\"324\" src=\"https:\/\/cote-jardins-solidaires.fr\/wp-content\/uploads\/2020\/12\/abeilles2.jpg\" alt=\"\" class=\"wp-image-98\" srcset=\"https:\/\/cote-jardins-solidaires.fr\/wp-content\/uploads\/2020\/12\/abeilles2.jpg 432w, https:\/\/cote-jardins-solidaires.fr\/wp-content\/uploads\/2020\/12\/abeilles2-300x225.jpg 300w\" sizes=\"(max-width: 432px) 100vw, 432px\" \/><figcaption class=\"wp-element-caption\">D\u00e9couverte des ruches<\/figcaption><\/figure>\n\n\n\n<p><strong>ATELIERS ECOLES et ECOGRAINE de CITOYEN&nbsp;!<\/strong><\/p>\n\n\n\n<p><strong>A l\u2019\u00e9cole de la nature et projet Jardin et alimentation<\/strong><\/p>\n\n\n\n<p>Au travers de ces ateliers, propos\u00e9s en partenariat avec nos financeurs politique de la ville, avec la ville de N\u00eemes, le Pole Sant\u00e9,&nbsp; les \u00e9coles et les enseignants , nous proposons de faire d\u00e9couvrir aux enfants un jardin au naturel et ses principes. Cette rencontre permettra de les sensibiliser au respect et \u00e0 la protection de l\u2019environnement, de d\u00e9couvrir la saisonnalit\u00e9 de la nature et du potager et le lien entre jardin-alimentation-sant\u00e9, de d\u00e9couvrir la vie de la plante&nbsp;: de la graine \u00e0 l\u2019assiette, et surtout de recr\u00e9er un lien affectif entre la nature et l\u2019enfant\u2026future citoyen&nbsp;!<\/p>\n\n\n\n<p><strong>ATELIERS ADULTES<\/strong>&nbsp;<\/p>\n\n\n\n<p><strong>Bien-\u00eatre nature et sant\u00e9<\/strong><\/p>\n\n\n\n<p>A travers cet atelier, les participants peuvent prendre du temps et penser \u00e0 leur bien-\u00eatre et au bien-\u00eatre de l\u2019environnement qui nous entoure (herboristerie familiale, cr\u00e9ation de produits cosm\u00e9tiques et m\u00e9nag\u00e8res 100% naturels, ateliers recycle et r\u00e9cup\u00e9ration, \u2026)<\/p>\n\n\n\n<p><strong>Couture&nbsp;<\/strong><\/p>\n\n\n\n<figure class=\"wp-block-image size-large\"><img loading=\"lazy\" decoding=\"async\" width=\"902\" height=\"600\" src=\"https:\/\/cote-jardins-solidaires.fr\/wp-content\/uploads\/2020\/12\/maincouture.jpg\" alt=\"\" class=\"wp-image-161\" srcset=\"https:\/\/cote-jardins-solidaires.fr\/wp-content\/uploads\/2020\/12\/maincouture.jpg 902w, https:\/\/cote-jardins-solidaires.fr\/wp-content\/uploads\/2020\/12\/maincouture-300x200.jpg 300w, https:\/\/cote-jardins-solidaires.fr\/wp-content\/uploads\/2020\/12\/maincouture-768x511.jpg 768w\" sizes=\"(max-width: 902px) 100vw, 902px\" \/><\/figure>\n\n\n\n<p><strong>ALIMENTATION DURABLE ET SANTE&nbsp;<\/strong><\/p>\n\n\n\n<p>Animations en collaboration avec les acteurs du territoire sur le th\u00e8me de la sant\u00e9 et de l\u2019alimentation durable, pour lutter ensemble contre la pr\u00e9carit\u00e9 alimentaire, notamment via le projet \u00ab&nbsp;Nourrir l\u2019Avenir&nbsp;: D\u00e9veloppement durable, sant\u00e9 et alimentation au jardin&nbsp;\u00bb<\/p>\n\n\n\n<p><strong>ATELIERS LANGUE ET CULTURE \u00ab&nbsp;PAROLES DE JARDIN&nbsp;\u00bb<\/strong><\/p>\n\n\n\n<p>Des rencontres autour du langage, de la culture, de l\u2019expression artistique comme moyen d\u2019inclusion sociale et lutte \u00e0 l&rsquo;exclusion. Des moments de travail individuel et collectif, qui \u00e0 l\u2019aide d\u2019une artiste encadrante, &nbsp;qui viendront en appui \u00e0 l\u2019expression personnelle pour une prise de confiance en soi et une reconnexion \u00e0 son environnement dans le but de permettre l\u2019int\u00e9gration sociale, de rompre l\u2019isolement et de d\u00e9velopper l\u2019autonomie des habitants dans la reconnexion \u00e0 la nature.<\/p>\n\n\n\n<figure class=\"wp-block-image size-large\"><img loading=\"lazy\" decoding=\"async\" width=\"902\" height=\"600\" src=\"https:\/\/cote-jardins-solidaires.fr\/wp-content\/uploads\/2020\/12\/mainrepicage.jpg\" alt=\"\" class=\"wp-image-162\" srcset=\"https:\/\/cote-jardins-solidaires.fr\/wp-content\/uploads\/2020\/12\/mainrepicage.jpg 902w, https:\/\/cote-jardins-solidaires.fr\/wp-content\/uploads\/2020\/12\/mainrepicage-300x200.jpg 300w, https:\/\/cote-jardins-solidaires.fr\/wp-content\/uploads\/2020\/12\/mainrepicage-768x511.jpg 768w\" sizes=\"(max-width: 902px) 100vw, 902px\" \/><\/figure>\n\n\n\n<p><strong>ATELIERS SENIORS AU JARDIN\u2026CULTIVONS LA SANTE&nbsp;CONTRE L\u2019ISOLEMENT&nbsp;!<\/strong><\/p>\n\n\n\n<p>Avec cette action de Pr\u00e9vention- Bien vieillir financ\u00e9e par la CFPPA, l\u2019Interregime et l\u2019ARS, nous proposons des ateliers de jardinage adapt\u00e9s pour les seniors&nbsp;:&nbsp; la&nbsp;culture des plantes&nbsp;et la&nbsp;relation avec la nature deviennent donc des supports &nbsp;pour am\u00e9liorer la sant\u00e9 physique, mentale et sociale.<\/p>\n\n\n\n<p>Il s\u2019agit d\u2019une une activit\u00e9 tr\u00e8s adapt\u00e9e aux personnes vieillissantes&nbsp;: les effets observ\u00e9s de l\u2019hortith\u00e9rapie sont un&nbsp;ralentissement du d\u00e9clin cognitif, la&nbsp;diminution de l\u2019agitation, un&nbsp;sentiment de bien-\u00eatre, l\u2019expression d\u2019\u00e9motions positives&nbsp;et la&nbsp;satisfaction de s\u2019engager&nbsp;dans des activit\u00e9s en lien avec la nature.<\/p>\n\n\n\n<figure class=\"wp-block-image size-large\"><img loading=\"lazy\" decoding=\"async\" width=\"378\" height=\"504\" src=\"https:\/\/cote-jardins-solidaires.fr\/wp-content\/uploads\/2020\/12\/peinture.jpg\" alt=\"\" class=\"wp-image-110\" srcset=\"https:\/\/cote-jardins-solidaires.fr\/wp-content\/uploads\/2020\/12\/peinture.jpg 378w, https:\/\/cote-jardins-solidaires.fr\/wp-content\/uploads\/2020\/12\/peinture-225x300.jpg 225w\" sizes=\"(max-width: 378px) 100vw, 378px\" \/><\/figure>\n\n\n\n<p><strong>ATELIERS INTERGENERATIONNELS<\/strong><\/p>\n\n\n\n<p>Plusieurs g\u00e9n\u00e9rations se retrouvent dans ces ateliers qui ont g\u00e9n\u00e9ralement lieu au jardin et \u00e9changent autour des plantes et de la sant\u00e9 au naturel.<\/p>\n\n\n\n<p><strong>Cuisine&nbsp;&nbsp;<\/strong><\/p>\n\n\n\n<p>D\u00e9couverte de la cuisine bio, souvent li\u00e9e \u00e0 la culture fran\u00e7aise (fabrication de confitures avec les fruits du jardin, des biscuits pour les p\u00e9riodes de f\u00eates de fin d\u2019ann\u00e9e, du sel aromatis\u00e9\u2026).<\/p>\n\n\n\n<p><strong>Jardinage&nbsp;<\/strong><\/p>\n\n\n\n<p>L\u2019\u00e9quipe propose la d\u00e9couverte des techniques du jardinage bio au sein du jardin de l\u2019association.<\/p>\n\n\n\n<p><strong>ATELIERS ENFANT\/PARENT<\/strong><\/p>\n\n\n\n<p>Ces ateliers se proposent d\u2019accompagner la relation parent-enfant, d\u00e9velopper les comp\u00e9tences parentales, apporter des rep\u00e8res sur le d\u00e9veloppement de l\u2019enfant et&nbsp; ses besoins, notamment en relation au bien manger, \u00e0 l\u2019\u00e9quilibre alimentaire, \u00e0 la relation avec la nature et l\u2019environnement qui nous entoure.<\/p>\n\n\n\n<p><strong>ATELIERS JEUNES&nbsp;<\/strong>(enfants et ado)<\/p>\n\n\n\n<p><strong>Arts plastiques&nbsp;<\/strong><\/p>\n\n\n\n<p>Il s\u2019agit de moments de travail individuels et collectifs, &nbsp;o\u00f9 la cr\u00e9ativit\u00e9 et l\u2019autonomie sont mises en avant, les jeunes peuvent travailler avec diff\u00e9rents mat\u00e9riaux, diff\u00e9rents supports (peinture, argile, \u00e9l\u00e9ments de la nature\u2026).<\/p>\n\n\n\n<p><strong>Biodiversit\u00e9&nbsp;<\/strong><\/p>\n\n\n\n<p>Les enfants partent \u00e0 la d\u00e9couverte des plantes, des insectes du jardin de mani\u00e8re ludique.&nbsp;<\/p>\n\n\n\n<p>D\u00e9couverte de la vie des abeilles avec un apiculteur qui a install\u00e9 ses ruches dans le jardin.&nbsp;<\/p>\n\n\n\n<p>Initiation aux techniques du jardinage bio.<\/p>\n\n\n\n<p><strong>Citoyennet\u00e9<\/strong><\/p>\n\n\n\n<p>Grace au soutien de la politique de la ville dans le cadre de notre \u00ab&nbsp;Multi activit\u00e9s Citoyennes et environnementales&nbsp;\u00bb des coll\u00e9giens r\u00e9alisent des affiches sur le th\u00e8me de la citoyennet\u00e9 (valeurs de la r\u00e9publique, la\u00efcit\u00e9\u2026) qu\u2019ils exposent en fin d\u2019ann\u00e9e scolaire.<\/p>\n\n\n\n<p>Travail r\u00e9alis\u00e9 avec le coll\u00e8ge Feucheres et son \u00ab&nbsp;Club Citoyennet\u00e9&nbsp;\u00bbavec l\u2019aide <a href=\"https:\/\/feucheres.mon-ent-occitanie.fr\/l-etablissement\/actualites-administratives\/exposition-realisee-par-le-club-citoyennete-3573.htm\">d\u2019une artiste plasticienne.<\/a><\/p>\n\n\n\n<p><strong>Cuisine&nbsp;<\/strong><\/p>\n\n\n\n<p>Les enfants vont ramasser les l\u00e9gumes cultiv\u00e9s dans le jardin pour ensuite les cuisiner. Cet atelier leur permet d\u2019apprendre, de d\u00e9couvrir et d\u2019appr\u00e9cier les l\u00e9gumes.&nbsp;<\/p>\n\n\n\n<p><strong>Jardinage&nbsp;<\/strong><\/p>\n\n\n\n<p>L\u2019\u00e9quipe propose la d\u00e9couverte des techniques du jardinage bio au sein du jardin de l\u2019association.<\/p>\n\n\n\n<p><strong>ATELIERS ENFANT\/PARENT<\/strong><\/p>\n\n\n\n<p>Ces ateliers se proposent d\u2019accompagner la relation parent-enfant, d\u00e9velopper les comp\u00e9tences parentales, apporter des rep\u00e8res sur le d\u00e9veloppement de l\u2019enfant et&nbsp; ses besoins, notamment en relation au bien manger, \u00e0 l\u2019\u00e9quilibre alimentaire, \u00e0 la relation avec la nature et l\u2019environnement qui nous entoure.<\/p>\n\n\n\n<p><strong>ATELIERS JEUNES&nbsp;<\/strong>(enfants et ado)<\/p>\n\n\n\n<p><strong>Arts plastiques&nbsp;<\/strong><\/p>\n\n\n\n<p>Il s\u2019agit de moments de travail individuels et collectifs, &nbsp;o\u00f9 la cr\u00e9ativit\u00e9 et l\u2019autonomie sont mises en avant, les jeunes peuvent travailler avec diff\u00e9rents mat\u00e9riaux, diff\u00e9rents supports (peinture, argile, \u00e9l\u00e9ments de la nature\u2026).<\/p>\n\n\n\n<p><strong>Biodiversit\u00e9&nbsp;<\/strong><\/p>\n\n\n\n<p>Les enfants partent \u00e0 la d\u00e9couverte des plantes, des insectes du jardin de mani\u00e8re ludique.&nbsp;<\/p>\n\n\n\n<p>D\u00e9couverte de la vie des abeilles avec un apiculteur qui a install\u00e9 ses ruches dans le jardin.&nbsp;<\/p>\n\n\n\n<p>Initiation aux techniques du jardinage bio.<\/p>\n\n\n\n<p><strong>Citoyennet\u00e9<\/strong><\/p>\n\n\n\n<p>Grace au soutien de la politique de la ville dans le cadre de notre \u00ab&nbsp;Multi activit\u00e9s Citoyennes et environnementales&nbsp;\u00bb des coll\u00e9giens r\u00e9alisent des affiches sur le th\u00e8me de la citoyennet\u00e9 (valeurs de la r\u00e9publique, la\u00efcit\u00e9\u2026) qu\u2019ils exposent en fin d\u2019ann\u00e9e scolaire.<\/p>\n\n\n\n<p>Travail r\u00e9alis\u00e9 avec le coll\u00e8ge Feucheres et son \u00ab&nbsp;Club Citoyennet\u00e9&nbsp;\u00bbavec l\u2019aide <a href=\"https:\/\/feucheres.mon-ent-occitanie.fr\/l-etablissement\/actualites-administratives\/exposition-realisee-par-le-club-citoyennete-3573.htm\">d\u2019une artiste plasticienne.<\/a><\/p>\n\n\n\n<p><strong>Cuisine&nbsp;<\/strong><\/p>\n\n\n\n<p>Les enfants vont ramasser les l\u00e9gumes cultiv\u00e9s dans le jardin pour ensuite les cuisiner. Cet atelier leur permet d\u2019apprendre, de d\u00e9couvrir et d\u2019appr\u00e9cier les l\u00e9gumes.&nbsp;<\/p>\n\n\n\n<p><strong>Jeux collectifs \/jeux de soci\u00e9t\u00e9 coop\u00e9ratif<\/strong><\/p>\n\n\n\n<p>Faire d\u00e9couvrir aux enfants des jeux de soci\u00e9t\u00e9 et des jeux collectifs sur le th\u00e8me de l\u2019environnement, de la citoyennet\u00e9 et du partage.<\/p>\n\n\n\n<p><\/p>\n","protected":false},"excerpt":{"rendered":"<p>L\u2019association propose des animations et ateliers toute l\u2019ann\u00e9e pour cr\u00e9er du lien social et favoriser le vivre ensemble, mais aussi pour sensibiliser \u00e0 l\u2019environnement, \u00e0 l\u2019alimentation saine et durable, \u00e0 l\u2019agro \u00e9cologie et \u00e0 la citoyennet\u00e9. Ateliers, animations et d\u00e9couvertes uniquement sur r\u00e9servation&nbsp;au 04.66.84.51.99, au 06.64.63.77.71, ou&nbsp;cotejardinsolidaire@samuelvincent.fr ATELIERS ECOLES et ECOGRAINE de CITOYEN&nbsp;! A l\u2019\u00e9cole<\/p>\n<p><a href=\"https:\/\/cote-jardins-solidaires.fr\/index.php\/ateliers\/\" class=\"more-link\">Lire la suite<\/a><\/p>\n","protected":false},"author":1,"featured_media":0,"parent":0,"menu_order":0,"comment_status":"closed","ping_status":"closed","template":"","meta":{"spay_email":"","footnotes":""},"class_list":["post-19","page","type-page","status-publish","hentry"],"_links":{"self":[{"href":"https:\/\/cote-jardins-solidaires.fr\/index.php\/wp-json\/wp\/v2\/pages\/19"}],"collection":[{"href":"https:\/\/cote-jardins-solidaires.fr\/index.php\/wp-json\/wp\/v2\/pages"}],"about":[{"href":"https:\/\/cote-jardins-solidaires.fr\/index.php\/wp-json\/wp\/v2\/types\/page"}],"author":[{"embeddable":true,"href":"https:\/\/cote-jardins-solidaires.fr\/index.php\/wp-json\/wp\/v2\/users\/1"}],"replies":[{"embeddable":true,"href":"https:\/\/cote-jardins-solidaires.fr\/index.php\/wp-json\/wp\/v2\/comments?post=19"}],"version-history":[{"count":17,"href":"https:\/\/cote-jardins-solidaires.fr\/index.php\/wp-json\/wp\/v2\/pages\/19\/revisions"}],"predecessor-version":[{"id":293,"href":"https:\/\/cote-jardins-solidaires.fr\/index.php\/wp-json\/wp\/v2\/pages\/19\/revisions\/293"}],"wp:attachment":[{"href":"https:\/\/cote-jardins-solidaires.fr\/index.php\/wp-json\/wp\/v2\/media?parent=19"}],"curies":[{"name":"wp","href":"https:\/\/api.w.org\/{rel}","templated":true}]}}